{"id":7731,"date":"2021-06-09T20:40:58","date_gmt":"2021-06-09T18:40:58","guid":{"rendered":"http:\/\/www.andnovameble.pl\/?post_type=product&#038;p=7731"},"modified":"2021-06-09T20:41:03","modified_gmt":"2021-06-09T18:41:03","slug":"sofa-royal","status":"publish","type":"product","link":"http:\/\/www.andnovameble.pl\/index.php\/produkt\/sofa-royal\/","title":{"rendered":"Sofa Royal"},"content":{"rendered":"<p><img loading=\"lazy\" decoding=\"async\" class=\"alignnone size-medium wp-image-7728\" src=\"http:\/\/www.andnovameble.pl\/wp-content\/uploads\/2021\/06\/Royal-detal-300x200.jpg\" alt=\"\" width=\"300\" height=\"200\" srcset=\"http:\/\/www.andnovameble.pl\/wp-content\/uploads\/2021\/06\/Royal-detal-300x200.jpg 300w, http:\/\/www.andnovameble.pl\/wp-content\/uploads\/2021\/06\/Royal-detal-1024x683.jpg 1024w, http:\/\/www.andnovameble.pl\/wp-content\/uploads\/2021\/06\/Royal-detal-768x512.jpg 768w, http:\/\/www.andnovameble.pl\/wp-content\/uploads\/2021\/06\/Royal-detal-600x400.jpg 600w, http:\/\/www.andnovameble.pl\/wp-content\/uploads\/2021\/06\/Royal-detal-240x160.jpg 240w, http:\/\/www.andnovameble.pl\/wp-content\/uploads\/2021\/06\/Royal-detal-350x233.jpg 350w, http:\/\/www.andnovameble.pl\/wp-content\/uploads\/2021\/06\/Royal-detal.jpg 1200w\" sizes=\"auto, (max-width: 300px) 100vw, 300px\" \/><\/p>\n","protected":false},"excerpt":{"rendered":"<p>&nbsp;<\/p>\n<p>Zestaw Royal to klasyka . Kr\u00f3lewski szyk i doskona\u0142o\u015b\u0107.<\/p>\n<p>Ich drewniane wyko\u0144czenia s\u0105 pere\u0142k\u0105 w\u015br\u00f3d wyko\u0144cze\u0144 meblowych tych czas\u00f3w.<\/p>\n<p>To meble w stylu angielskim idealnie nadaj\u0105ce si\u0119 do bardziej klasycznych i ekskluzywnych wn\u0119trz.<\/p>\n<p>W komplecie Sofa 2 i 3 oraz fotel.<\/p>\n<p>Wymiary:<\/p>\n<h5 class=\"presentation__item-title\">SOFA 3 na zdj\u0119ciu<\/h5>\n<p>190 x 95 x 99 cm<\/p>\n<h5 class=\"presentation__item-title\">SOFA 2<\/h5>\n<p>135 x 95 x 99 cm<img decoding=\"async\" src=\"https:\/\/meblezdusza.eu\/wp-content\/uploads\/2020\/05\/royal_sofa_2.png\" alt=\"royal_sofa_2\" \/><\/p>\n<h5 class=\"presentation__item-title\">FOTEL<\/h5>\n<p>85 x 95 x 96 cm<img decoding=\"async\" src=\"https:\/\/meblezdusza.eu\/wp-content\/uploads\/2020\/05\/royal_fotel.png\" alt=\"royal_fotel\" \/><\/p>\n","protected":false},"featured_media":7729,"comment_status":"closed","ping_status":"closed","template":"","meta":[],"product_brand":[],"product_cat":[38,31,37,29,36,32],"product_tag":[45,47,43,22,40,34,44],"class_list":{"0":"post-7731","1":"product","2":"type-product","3":"status-publish","4":"has-post-thumbnail","6":"product_cat-fotel","7":"product_cat-kanapa","8":"product_cat-komplet","9":"product_cat-meble-tapicerowane","10":"product_cat-orfeusz-meble","11":"product_cat-sofa","12":"product_tag-klasyczny-mebel","13":"product_tag-klasyka","14":"product_tag-mebel-tapicerowany","15":"product_tag-meble-leszno","16":"product_tag-orfeusz","17":"product_tag-sofa-2","18":"product_tag-stylowy-mebel","20":"first","21":"instock","22":"taxable","23":"shipping-taxable","24":"product-type-simple"},"yoast_head":"<!-- This site is optimized with the Yoast SEO plugin v27.4 - https:\/\/yoast.com\/product\/yoast-seo-wordpress\/ -->\n<title>Sofa Royal - Materace, Meble Leszno<\/title>\n<meta name=\"robots\" content=\"index, follow, max-snippet:-1, max-image-preview:large, max-video-preview:-1\" \/>\n<link rel=\"canonical\" href=\"http:\/\/www.andnovameble.pl\/index.php\/produkt\/sofa-royal\/\" \/>\n<meta property=\"og:locale\" content=\"pl_PL\" \/>\n<meta property=\"og:type\" content=\"article\" \/>\n<meta property=\"og:title\" content=\"Sofa Royal - Materace, Meble Leszno\" \/>\n<meta property=\"og:description\" content=\"&nbsp;  Zestaw Royal to klasyka . Kr\u00f3lewski szyk i doskona\u0142o\u015b\u0107.  Ich drewniane wyko\u0144czenia s\u0105 pere\u0142k\u0105 w\u015br\u00f3d wyko\u0144cze\u0144 meblowych tych czas\u00f3w.  To meble w stylu angielskim idealnie nadaj\u0105ce si\u0119 do bardziej klasycznych i ekskluzywnych wn\u0119trz.  W komplecie Sofa 2 i 3 oraz fotel.  Wymiary: SOFA 3 na zdj\u0119ciu 190 x 95 x 99 cm SOFA 2 135 x 95 x 99 cm FOTEL 85 x 95 x 96 cm\" \/>\n<meta property=\"og:url\" content=\"http:\/\/www.andnovameble.pl\/index.php\/produkt\/sofa-royal\/\" \/>\n<meta property=\"og:site_name\" content=\"Materace, Meble Leszno\" \/>\n<meta property=\"article:modified_time\" content=\"2021-06-09T18:41:03+00:00\" \/>\n<meta property=\"og:image\" content=\"http:\/\/www.andnovameble.pl\/wp-content\/uploads\/2021\/06\/Royal-wersalka.jpg\" \/>\n\t<meta property=\"og:image:width\" content=\"1200\" \/>\n\t<meta property=\"og:image:height\" content=\"800\" \/>\n\t<meta property=\"og:image:type\" content=\"image\/jpeg\" \/>\n<meta name=\"twitter:card\" content=\"summary_large_image\" \/>\n<meta name=\"twitter:label1\" content=\"Szacowany czas czytania\" \/>\n\t<meta name=\"twitter:data1\" content=\"1 minuta\" \/>\n<script type=\"application\/ld+json\" class=\"yoast-schema-graph\">{\"@context\":\"https:\\\/\\\/schema.org\",\"@graph\":[{\"@type\":\"WebPage\",\"@id\":\"http:\\\/\\\/www.andnovameble.pl\\\/index.php\\\/produkt\\\/sofa-royal\\\/\",\"url\":\"http:\\\/\\\/www.andnovameble.pl\\\/index.php\\\/produkt\\\/sofa-royal\\\/\",\"name\":\"Sofa Royal - Materace, Meble Leszno\",\"isPartOf\":{\"@id\":\"http:\\\/\\\/www.andnovameble.pl\\\/#website\"},\"primaryImageOfPage\":{\"@id\":\"http:\\\/\\\/www.andnovameble.pl\\\/index.php\\\/produkt\\\/sofa-royal\\\/#primaryimage\"},\"image\":{\"@id\":\"http:\\\/\\\/www.andnovameble.pl\\\/index.php\\\/produkt\\\/sofa-royal\\\/#primaryimage\"},\"thumbnailUrl\":\"http:\\\/\\\/www.andnovameble.pl\\\/wp-content\\\/uploads\\\/2021\\\/06\\\/Royal-wersalka.jpg\",\"datePublished\":\"2021-06-09T18:40:58+00:00\",\"dateModified\":\"2021-06-09T18:41:03+00:00\",\"breadcrumb\":{\"@id\":\"http:\\\/\\\/www.andnovameble.pl\\\/index.php\\\/produkt\\\/sofa-royal\\\/#breadcrumb\"},\"inLanguage\":\"pl-PL\",\"potentialAction\":[{\"@type\":\"ReadAction\",\"target\":[\"http:\\\/\\\/www.andnovameble.pl\\\/index.php\\\/produkt\\\/sofa-royal\\\/\"]}]},{\"@type\":\"ImageObject\",\"inLanguage\":\"pl-PL\",\"@id\":\"http:\\\/\\\/www.andnovameble.pl\\\/index.php\\\/produkt\\\/sofa-royal\\\/#primaryimage\",\"url\":\"http:\\\/\\\/www.andnovameble.pl\\\/wp-content\\\/uploads\\\/2021\\\/06\\\/Royal-wersalka.jpg\",\"contentUrl\":\"http:\\\/\\\/www.andnovameble.pl\\\/wp-content\\\/uploads\\\/2021\\\/06\\\/Royal-wersalka.jpg\",\"width\":1200,\"height\":800},{\"@type\":\"BreadcrumbList\",\"@id\":\"http:\\\/\\\/www.andnovameble.pl\\\/index.php\\\/produkt\\\/sofa-royal\\\/#breadcrumb\",\"itemListElement\":[{\"@type\":\"ListItem\",\"position\":1,\"name\":\"Strona g\u0142\u00f3wna\",\"item\":\"http:\\\/\\\/www.andnovameble.pl\\\/\"},{\"@type\":\"ListItem\",\"position\":2,\"name\":\"Sklep\",\"item\":\"http:\\\/\\\/www.andnovameble.pl\\\/index.php\\\/sklep\\\/\"},{\"@type\":\"ListItem\",\"position\":3,\"name\":\"Sofa Royal\"}]},{\"@type\":\"WebSite\",\"@id\":\"http:\\\/\\\/www.andnovameble.pl\\\/#website\",\"url\":\"http:\\\/\\\/www.andnovameble.pl\\\/\",\"name\":\"Materace, Meble Leszno\",\"description\":\"Tw\u00f3j ulubiony sklep\",\"publisher\":{\"@id\":\"http:\\\/\\\/www.andnovameble.pl\\\/#organization\"},\"potentialAction\":[{\"@type\":\"SearchAction\",\"target\":{\"@type\":\"EntryPoint\",\"urlTemplate\":\"http:\\\/\\\/www.andnovameble.pl\\\/?s={search_term_string}\"},\"query-input\":{\"@type\":\"PropertyValueSpecification\",\"valueRequired\":true,\"valueName\":\"search_term_string\"}}],\"inLanguage\":\"pl-PL\"},{\"@type\":\"Organization\",\"@id\":\"http:\\\/\\\/www.andnovameble.pl\\\/#organization\",\"name\":\"Materace, Meble Leszno\",\"url\":\"http:\\\/\\\/www.andnovameble.pl\\\/\",\"logo\":{\"@type\":\"ImageObject\",\"inLanguage\":\"pl-PL\",\"@id\":\"http:\\\/\\\/www.andnovameble.pl\\\/#\\\/schema\\\/logo\\\/image\\\/\",\"url\":\"http:\\\/\\\/www.andnovameble.pl\\\/wp-content\\\/uploads\\\/2018\\\/08\\\/cropped-logo-1-1.jpg\",\"contentUrl\":\"http:\\\/\\\/www.andnovameble.pl\\\/wp-content\\\/uploads\\\/2018\\\/08\\\/cropped-logo-1-1.jpg\",\"width\":250,\"height\":250,\"caption\":\"Materace, Meble Leszno\"},\"image\":{\"@id\":\"http:\\\/\\\/www.andnovameble.pl\\\/#\\\/schema\\\/logo\\\/image\\\/\"}}]}<\/script>\n<!-- \/ Yoast SEO plugin. -->","yoast_head_json":{"title":"Sofa Royal - Materace, Meble Leszno","robots":{"index":"index","follow":"follow","max-snippet":"max-snippet:-1","max-image-preview":"max-image-preview:large","max-video-preview":"max-video-preview:-1"},"canonical":"http:\/\/www.andnovameble.pl\/index.php\/produkt\/sofa-royal\/","og_locale":"pl_PL","og_type":"article","og_title":"Sofa Royal - Materace, Meble Leszno","og_description":"&nbsp;  Zestaw Royal to klasyka . Kr\u00f3lewski szyk i doskona\u0142o\u015b\u0107.  Ich drewniane wyko\u0144czenia s\u0105 pere\u0142k\u0105 w\u015br\u00f3d wyko\u0144cze\u0144 meblowych tych czas\u00f3w.  To meble w stylu angielskim idealnie nadaj\u0105ce si\u0119 do bardziej klasycznych i ekskluzywnych wn\u0119trz.  W komplecie Sofa 2 i 3 oraz fotel.  Wymiary: SOFA 3 na zdj\u0119ciu 190 x 95 x 99 cm SOFA 2 135 x 95 x 99 cm FOTEL 85 x 95 x 96 cm","og_url":"http:\/\/www.andnovameble.pl\/index.php\/produkt\/sofa-royal\/","og_site_name":"Materace, Meble Leszno","article_modified_time":"2021-06-09T18:41:03+00:00","og_image":[{"width":1200,"height":800,"url":"http:\/\/www.andnovameble.pl\/wp-content\/uploads\/2021\/06\/Royal-wersalka.jpg","type":"image\/jpeg"}],"twitter_card":"summary_large_image","twitter_misc":{"Szacowany czas czytania":"1 minuta"},"schema":{"@context":"https:\/\/schema.org","@graph":[{"@type":"WebPage","@id":"http:\/\/www.andnovameble.pl\/index.php\/produkt\/sofa-royal\/","url":"http:\/\/www.andnovameble.pl\/index.php\/produkt\/sofa-royal\/","name":"Sofa Royal - Materace, Meble Leszno","isPartOf":{"@id":"http:\/\/www.andnovameble.pl\/#website"},"primaryImageOfPage":{"@id":"http:\/\/www.andnovameble.pl\/index.php\/produkt\/sofa-royal\/#primaryimage"},"image":{"@id":"http:\/\/www.andnovameble.pl\/index.php\/produkt\/sofa-royal\/#primaryimage"},"thumbnailUrl":"http:\/\/www.andnovameble.pl\/wp-content\/uploads\/2021\/06\/Royal-wersalka.jpg","datePublished":"2021-06-09T18:40:58+00:00","dateModified":"2021-06-09T18:41:03+00:00","breadcrumb":{"@id":"http:\/\/www.andnovameble.pl\/index.php\/produkt\/sofa-royal\/#breadcrumb"},"inLanguage":"pl-PL","potentialAction":[{"@type":"ReadAction","target":["http:\/\/www.andnovameble.pl\/index.php\/produkt\/sofa-royal\/"]}]},{"@type":"ImageObject","inLanguage":"pl-PL","@id":"http:\/\/www.andnovameble.pl\/index.php\/produkt\/sofa-royal\/#primaryimage","url":"http:\/\/www.andnovameble.pl\/wp-content\/uploads\/2021\/06\/Royal-wersalka.jpg","contentUrl":"http:\/\/www.andnovameble.pl\/wp-content\/uploads\/2021\/06\/Royal-wersalka.jpg","width":1200,"height":800},{"@type":"BreadcrumbList","@id":"http:\/\/www.andnovameble.pl\/index.php\/produkt\/sofa-royal\/#breadcrumb","itemListElement":[{"@type":"ListItem","position":1,"name":"Strona g\u0142\u00f3wna","item":"http:\/\/www.andnovameble.pl\/"},{"@type":"ListItem","position":2,"name":"Sklep","item":"http:\/\/www.andnovameble.pl\/index.php\/sklep\/"},{"@type":"ListItem","position":3,"name":"Sofa Royal"}]},{"@type":"WebSite","@id":"http:\/\/www.andnovameble.pl\/#website","url":"http:\/\/www.andnovameble.pl\/","name":"Materace, Meble Leszno","description":"Tw\u00f3j ulubiony sklep","publisher":{"@id":"http:\/\/www.andnovameble.pl\/#organization"},"potentialAction":[{"@type":"SearchAction","target":{"@type":"EntryPoint","urlTemplate":"http:\/\/www.andnovameble.pl\/?s={search_term_string}"},"query-input":{"@type":"PropertyValueSpecification","valueRequired":true,"valueName":"search_term_string"}}],"inLanguage":"pl-PL"},{"@type":"Organization","@id":"http:\/\/www.andnovameble.pl\/#organization","name":"Materace, Meble Leszno","url":"http:\/\/www.andnovameble.pl\/","logo":{"@type":"ImageObject","inLanguage":"pl-PL","@id":"http:\/\/www.andnovameble.pl\/#\/schema\/logo\/image\/","url":"http:\/\/www.andnovameble.pl\/wp-content\/uploads\/2018\/08\/cropped-logo-1-1.jpg","contentUrl":"http:\/\/www.andnovameble.pl\/wp-content\/uploads\/2018\/08\/cropped-logo-1-1.jpg","width":250,"height":250,"caption":"Materace, Meble Leszno"},"image":{"@id":"http:\/\/www.andnovameble.pl\/#\/schema\/logo\/image\/"}}]}},"_links":{"self":[{"href":"http:\/\/www.andnovameble.pl\/index.php\/wp-json\/wp\/v2\/product\/7731","targetHints":{"allow":["GET"]}}],"collection":[{"href":"http:\/\/www.andnovameble.pl\/index.php\/wp-json\/wp\/v2\/product"}],"about":[{"href":"http:\/\/www.andnovameble.pl\/index.php\/wp-json\/wp\/v2\/types\/product"}],"replies":[{"embeddable":true,"href":"http:\/\/www.andnovameble.pl\/index.php\/wp-json\/wp\/v2\/comments?post=7731"}],"wp:featuredmedia":[{"embeddable":true,"href":"http:\/\/www.andnovameble.pl\/index.php\/wp-json\/wp\/v2\/media\/7729"}],"wp:attachment":[{"href":"http:\/\/www.andnovameble.pl\/index.php\/wp-json\/wp\/v2\/media?parent=7731"}],"wp:term":[{"taxonomy":"product_brand","embeddable":true,"href":"http:\/\/www.andnovameble.pl\/index.php\/wp-json\/wp\/v2\/product_brand?post=7731"},{"taxonomy":"product_cat","embeddable":true,"href":"http:\/\/www.andnovameble.pl\/index.php\/wp-json\/wp\/v2\/product_cat?post=7731"},{"taxonomy":"product_tag","embeddable":true,"href":"http:\/\/www.andnovameble.pl\/index.php\/wp-json\/wp\/v2\/product_tag?post=7731"}],"curies":[{"name":"wp","href":"https:\/\/api.w.org\/{rel}","templated":true}]}}