{"id":7871,"date":"2021-09-03T13:29:56","date_gmt":"2021-09-03T11:29:56","guid":{"rendered":"http:\/\/www.andnovameble.pl\/?post_type=product&#038;p=7871"},"modified":"2021-09-03T13:30:05","modified_gmt":"2021-09-03T11:30:05","slug":"naroznik-rubio","status":"publish","type":"product","link":"http:\/\/www.andnovameble.pl\/index.php\/produkt\/naroznik-rubio\/","title":{"rendered":"Naro\u017cnik Rubio"},"content":{"rendered":"<p>Naro\u017cnik Rubio w rubinowym kolorze aczkolwiek na zam\u00f3wienie s\u0105 r\u00f3\u017cne kolory i tkaniny do wyboru.<\/p>\n<p>Jest na spr\u0119\u017cynach , pianka HR ,wspomaganie rozk\u0142adania,<\/p>\n<p>Na n\u00f3\u017ckach ,dostosowany wysoko\u015bci\u0105 do stosowania robot\u00f3w sprz\u0105taj\u0105cych iR ,funkcja spania, du\u017cy pojemnik , zag\u0142\u00f3wki z regulacj\u0105.<\/p>\n<p>Wymiary d\u0142. 257 \/195 , wysoko\u015b\u0107 : 94-102<\/p>\n<p>Wygodny, luksusowy na wyrazistych ,srebrnych nogach.<\/p>\n","protected":false},"excerpt":{"rendered":"<p>&nbsp;<\/p>\n<p><img loading=\"lazy\" decoding=\"async\" class=\"alignnone size-medium wp-image-7663\" src=\"http:\/\/www.andnovameble.pl\/wp-content\/uploads\/2021\/04\/naroznik-pmw-davos-nfpalp-268x300.jpg\" alt=\"\" width=\"268\" height=\"300\" srcset=\"http:\/\/www.andnovameble.pl\/wp-content\/uploads\/2021\/04\/naroznik-pmw-davos-nfpalp-268x300.jpg 268w, http:\/\/www.andnovameble.pl\/wp-content\/uploads\/2021\/04\/naroznik-pmw-davos-nfpalp-768x859.jpg 768w, http:\/\/www.andnovameble.pl\/wp-content\/uploads\/2021\/04\/naroznik-pmw-davos-nfpalp-536x600.jpg 536w, http:\/\/www.andnovameble.pl\/wp-content\/uploads\/2021\/04\/naroznik-pmw-davos-nfpalp-143x160.jpg 143w, http:\/\/www.andnovameble.pl\/wp-content\/uploads\/2021\/04\/naroznik-pmw-davos-nfpalp-350x392.jpg 350w, http:\/\/www.andnovameble.pl\/wp-content\/uploads\/2021\/04\/naroznik-pmw-davos-nfpalp.jpg 800w\" sizes=\"auto, (max-width: 268px) 100vw, 268px\" \/><img loading=\"lazy\" decoding=\"async\" class=\"alignnone size-full wp-image-7687\" src=\"http:\/\/www.andnovameble.pl\/wp-content\/uploads\/2021\/04\/RUBIO-1.jpg\" alt=\"\" width=\"200\" height=\"200\" srcset=\"http:\/\/www.andnovameble.pl\/wp-content\/uploads\/2021\/04\/RUBIO-1.jpg 200w, http:\/\/www.andnovameble.pl\/wp-content\/uploads\/2021\/04\/RUBIO-1-150x150.jpg 150w, http:\/\/www.andnovameble.pl\/wp-content\/uploads\/2021\/04\/RUBIO-1-160x160.jpg 160w, http:\/\/www.andnovameble.pl\/wp-content\/uploads\/2021\/04\/RUBIO-1-100x100.jpg 100w\" sizes=\"auto, (max-width: 200px) 100vw, 200px\" \/><\/p>\n[caption id=\"attachment_7650\" align=\"alignnone\" width=\"300\"]<img loading=\"lazy\" decoding=\"async\" class=\"size-medium wp-image-7650\" src=\"http:\/\/www.andnovameble.pl\/wp-content\/uploads\/2021\/04\/m1000-rubio2-300x300.jpg\" alt=\"Kanapa Rubio\" width=\"300\" height=\"300\" srcset=\"http:\/\/www.andnovameble.pl\/wp-content\/uploads\/2021\/04\/m1000-rubio2-300x300.jpg 300w, http:\/\/www.andnovameble.pl\/wp-content\/uploads\/2021\/04\/m1000-rubio2-150x150.jpg 150w, http:\/\/www.andnovameble.pl\/wp-content\/uploads\/2021\/04\/m1000-rubio2-768x768.jpg 768w, http:\/\/www.andnovameble.pl\/wp-content\/uploads\/2021\/04\/m1000-rubio2-600x600.jpg 600w, http:\/\/www.andnovameble.pl\/wp-content\/uploads\/2021\/04\/m1000-rubio2-160x160.jpg 160w, http:\/\/www.andnovameble.pl\/wp-content\/uploads\/2021\/04\/m1000-rubio2-100x100.jpg 100w, http:\/\/www.andnovameble.pl\/wp-content\/uploads\/2021\/04\/m1000-rubio2-250x250.jpg 250w, http:\/\/www.andnovameble.pl\/wp-content\/uploads\/2021\/04\/m1000-rubio2-350x350.jpg 350w, http:\/\/www.andnovameble.pl\/wp-content\/uploads\/2021\/04\/m1000-rubio2.jpg 1000w\" sizes=\"auto, (max-width: 300px) 100vw, 300px\" \/> Kanapa[\/caption]\n","protected":false},"featured_media":7686,"comment_status":"closed","ping_status":"closed","template":"","meta":[],"product_brand":[],"product_cat":[42,31,29,28,30],"product_tag":[25,45,43,22,24,26,34],"class_list":{"0":"post-7871","1":"product","2":"type-product","3":"status-publish","4":"has-post-thumbnail","6":"product_cat-funkcja-spania-2","7":"product_cat-kanapa","8":"product_cat-meble-tapicerowane","9":"product_cat-naroznik-2","10":"product_cat-pmw-2","11":"product_tag-funkcja-spania","12":"product_tag-klasyczny-mebel","13":"product_tag-mebel-tapicerowany","14":"product_tag-meble-leszno","15":"product_tag-naroznik","16":"product_tag-pmw","17":"product_tag-sofa-2","19":"first","20":"instock","21":"taxable","22":"shipping-taxable","23":"product-type-simple"},"yoast_head":"<!-- This site is optimized with the Yoast SEO plugin v27.4 - https:\/\/yoast.com\/product\/yoast-seo-wordpress\/ -->\n<title>Naro\u017cnik Rubio - Materace, Meble Leszno<\/title>\n<meta name=\"robots\" content=\"index, follow, max-snippet:-1, max-image-preview:large, max-video-preview:-1\" \/>\n<link rel=\"canonical\" href=\"http:\/\/www.andnovameble.pl\/index.php\/produkt\/naroznik-rubio\/\" \/>\n<meta property=\"og:locale\" content=\"pl_PL\" \/>\n<meta property=\"og:type\" content=\"article\" \/>\n<meta property=\"og:title\" content=\"Naro\u017cnik Rubio - Materace, Meble Leszno\" \/>\n<meta property=\"og:description\" content=\"&nbsp;\" \/>\n<meta property=\"og:url\" content=\"http:\/\/www.andnovameble.pl\/index.php\/produkt\/naroznik-rubio\/\" \/>\n<meta property=\"og:site_name\" content=\"Materace, Meble Leszno\" \/>\n<meta property=\"article:modified_time\" content=\"2021-09-03T11:30:05+00:00\" \/>\n<meta property=\"og:image\" content=\"http:\/\/www.andnovameble.pl\/wp-content\/uploads\/2021\/04\/naroznik-rubio-nfpa.jpg\" \/>\n\t<meta property=\"og:image:width\" content=\"669\" \/>\n\t<meta property=\"og:image:height\" content=\"801\" \/>\n\t<meta property=\"og:image:type\" content=\"image\/jpeg\" \/>\n<meta name=\"twitter:card\" content=\"summary_large_image\" \/>\n<meta name=\"twitter:label1\" content=\"Szacowany czas czytania\" \/>\n\t<meta name=\"twitter:data1\" content=\"1 minuta\" \/>\n<script type=\"application\/ld+json\" class=\"yoast-schema-graph\">{\"@context\":\"https:\\\/\\\/schema.org\",\"@graph\":[{\"@type\":\"WebPage\",\"@id\":\"http:\\\/\\\/www.andnovameble.pl\\\/index.php\\\/produkt\\\/naroznik-rubio\\\/\",\"url\":\"http:\\\/\\\/www.andnovameble.pl\\\/index.php\\\/produkt\\\/naroznik-rubio\\\/\",\"name\":\"Naro\u017cnik Rubio - Materace, Meble Leszno\",\"isPartOf\":{\"@id\":\"http:\\\/\\\/www.andnovameble.pl\\\/#website\"},\"primaryImageOfPage\":{\"@id\":\"http:\\\/\\\/www.andnovameble.pl\\\/index.php\\\/produkt\\\/naroznik-rubio\\\/#primaryimage\"},\"image\":{\"@id\":\"http:\\\/\\\/www.andnovameble.pl\\\/index.php\\\/produkt\\\/naroznik-rubio\\\/#primaryimage\"},\"thumbnailUrl\":\"http:\\\/\\\/www.andnovameble.pl\\\/wp-content\\\/uploads\\\/2021\\\/04\\\/naroznik-rubio-nfpa.jpg\",\"datePublished\":\"2021-09-03T11:29:56+00:00\",\"dateModified\":\"2021-09-03T11:30:05+00:00\",\"breadcrumb\":{\"@id\":\"http:\\\/\\\/www.andnovameble.pl\\\/index.php\\\/produkt\\\/naroznik-rubio\\\/#breadcrumb\"},\"inLanguage\":\"pl-PL\",\"potentialAction\":[{\"@type\":\"ReadAction\",\"target\":[\"http:\\\/\\\/www.andnovameble.pl\\\/index.php\\\/produkt\\\/naroznik-rubio\\\/\"]}]},{\"@type\":\"ImageObject\",\"inLanguage\":\"pl-PL\",\"@id\":\"http:\\\/\\\/www.andnovameble.pl\\\/index.php\\\/produkt\\\/naroznik-rubio\\\/#primaryimage\",\"url\":\"http:\\\/\\\/www.andnovameble.pl\\\/wp-content\\\/uploads\\\/2021\\\/04\\\/naroznik-rubio-nfpa.jpg\",\"contentUrl\":\"http:\\\/\\\/www.andnovameble.pl\\\/wp-content\\\/uploads\\\/2021\\\/04\\\/naroznik-rubio-nfpa.jpg\",\"width\":669,\"height\":801},{\"@type\":\"BreadcrumbList\",\"@id\":\"http:\\\/\\\/www.andnovameble.pl\\\/index.php\\\/produkt\\\/naroznik-rubio\\\/#breadcrumb\",\"itemListElement\":[{\"@type\":\"ListItem\",\"position\":1,\"name\":\"Strona g\u0142\u00f3wna\",\"item\":\"http:\\\/\\\/www.andnovameble.pl\\\/\"},{\"@type\":\"ListItem\",\"position\":2,\"name\":\"Sklep\",\"item\":\"http:\\\/\\\/www.andnovameble.pl\\\/index.php\\\/sklep\\\/\"},{\"@type\":\"ListItem\",\"position\":3,\"name\":\"Naro\u017cnik Rubio\"}]},{\"@type\":\"WebSite\",\"@id\":\"http:\\\/\\\/www.andnovameble.pl\\\/#website\",\"url\":\"http:\\\/\\\/www.andnovameble.pl\\\/\",\"name\":\"Materace, Meble Leszno\",\"description\":\"Tw\u00f3j ulubiony sklep\",\"publisher\":{\"@id\":\"http:\\\/\\\/www.andnovameble.pl\\\/#organization\"},\"potentialAction\":[{\"@type\":\"SearchAction\",\"target\":{\"@type\":\"EntryPoint\",\"urlTemplate\":\"http:\\\/\\\/www.andnovameble.pl\\\/?s={search_term_string}\"},\"query-input\":{\"@type\":\"PropertyValueSpecification\",\"valueRequired\":true,\"valueName\":\"search_term_string\"}}],\"inLanguage\":\"pl-PL\"},{\"@type\":\"Organization\",\"@id\":\"http:\\\/\\\/www.andnovameble.pl\\\/#organization\",\"name\":\"Materace, Meble Leszno\",\"url\":\"http:\\\/\\\/www.andnovameble.pl\\\/\",\"logo\":{\"@type\":\"ImageObject\",\"inLanguage\":\"pl-PL\",\"@id\":\"http:\\\/\\\/www.andnovameble.pl\\\/#\\\/schema\\\/logo\\\/image\\\/\",\"url\":\"http:\\\/\\\/www.andnovameble.pl\\\/wp-content\\\/uploads\\\/2018\\\/08\\\/cropped-logo-1-1.jpg\",\"contentUrl\":\"http:\\\/\\\/www.andnovameble.pl\\\/wp-content\\\/uploads\\\/2018\\\/08\\\/cropped-logo-1-1.jpg\",\"width\":250,\"height\":250,\"caption\":\"Materace, Meble Leszno\"},\"image\":{\"@id\":\"http:\\\/\\\/www.andnovameble.pl\\\/#\\\/schema\\\/logo\\\/image\\\/\"}}]}<\/script>\n<!-- \/ Yoast SEO plugin. -->","yoast_head_json":{"title":"Naro\u017cnik Rubio - Materace, Meble Leszno","robots":{"index":"index","follow":"follow","max-snippet":"max-snippet:-1","max-image-preview":"max-image-preview:large","max-video-preview":"max-video-preview:-1"},"canonical":"http:\/\/www.andnovameble.pl\/index.php\/produkt\/naroznik-rubio\/","og_locale":"pl_PL","og_type":"article","og_title":"Naro\u017cnik Rubio - Materace, Meble Leszno","og_description":"&nbsp;","og_url":"http:\/\/www.andnovameble.pl\/index.php\/produkt\/naroznik-rubio\/","og_site_name":"Materace, Meble Leszno","article_modified_time":"2021-09-03T11:30:05+00:00","og_image":[{"width":669,"height":801,"url":"http:\/\/www.andnovameble.pl\/wp-content\/uploads\/2021\/04\/naroznik-rubio-nfpa.jpg","type":"image\/jpeg"}],"twitter_card":"summary_large_image","twitter_misc":{"Szacowany czas czytania":"1 minuta"},"schema":{"@context":"https:\/\/schema.org","@graph":[{"@type":"WebPage","@id":"http:\/\/www.andnovameble.pl\/index.php\/produkt\/naroznik-rubio\/","url":"http:\/\/www.andnovameble.pl\/index.php\/produkt\/naroznik-rubio\/","name":"Naro\u017cnik Rubio - Materace, Meble Leszno","isPartOf":{"@id":"http:\/\/www.andnovameble.pl\/#website"},"primaryImageOfPage":{"@id":"http:\/\/www.andnovameble.pl\/index.php\/produkt\/naroznik-rubio\/#primaryimage"},"image":{"@id":"http:\/\/www.andnovameble.pl\/index.php\/produkt\/naroznik-rubio\/#primaryimage"},"thumbnailUrl":"http:\/\/www.andnovameble.pl\/wp-content\/uploads\/2021\/04\/naroznik-rubio-nfpa.jpg","datePublished":"2021-09-03T11:29:56+00:00","dateModified":"2021-09-03T11:30:05+00:00","breadcrumb":{"@id":"http:\/\/www.andnovameble.pl\/index.php\/produkt\/naroznik-rubio\/#breadcrumb"},"inLanguage":"pl-PL","potentialAction":[{"@type":"ReadAction","target":["http:\/\/www.andnovameble.pl\/index.php\/produkt\/naroznik-rubio\/"]}]},{"@type":"ImageObject","inLanguage":"pl-PL","@id":"http:\/\/www.andnovameble.pl\/index.php\/produkt\/naroznik-rubio\/#primaryimage","url":"http:\/\/www.andnovameble.pl\/wp-content\/uploads\/2021\/04\/naroznik-rubio-nfpa.jpg","contentUrl":"http:\/\/www.andnovameble.pl\/wp-content\/uploads\/2021\/04\/naroznik-rubio-nfpa.jpg","width":669,"height":801},{"@type":"BreadcrumbList","@id":"http:\/\/www.andnovameble.pl\/index.php\/produkt\/naroznik-rubio\/#breadcrumb","itemListElement":[{"@type":"ListItem","position":1,"name":"Strona g\u0142\u00f3wna","item":"http:\/\/www.andnovameble.pl\/"},{"@type":"ListItem","position":2,"name":"Sklep","item":"http:\/\/www.andnovameble.pl\/index.php\/sklep\/"},{"@type":"ListItem","position":3,"name":"Naro\u017cnik Rubio"}]},{"@type":"WebSite","@id":"http:\/\/www.andnovameble.pl\/#website","url":"http:\/\/www.andnovameble.pl\/","name":"Materace, Meble Leszno","description":"Tw\u00f3j ulubiony sklep","publisher":{"@id":"http:\/\/www.andnovameble.pl\/#organization"},"potentialAction":[{"@type":"SearchAction","target":{"@type":"EntryPoint","urlTemplate":"http:\/\/www.andnovameble.pl\/?s={search_term_string}"},"query-input":{"@type":"PropertyValueSpecification","valueRequired":true,"valueName":"search_term_string"}}],"inLanguage":"pl-PL"},{"@type":"Organization","@id":"http:\/\/www.andnovameble.pl\/#organization","name":"Materace, Meble Leszno","url":"http:\/\/www.andnovameble.pl\/","logo":{"@type":"ImageObject","inLanguage":"pl-PL","@id":"http:\/\/www.andnovameble.pl\/#\/schema\/logo\/image\/","url":"http:\/\/www.andnovameble.pl\/wp-content\/uploads\/2018\/08\/cropped-logo-1-1.jpg","contentUrl":"http:\/\/www.andnovameble.pl\/wp-content\/uploads\/2018\/08\/cropped-logo-1-1.jpg","width":250,"height":250,"caption":"Materace, Meble Leszno"},"image":{"@id":"http:\/\/www.andnovameble.pl\/#\/schema\/logo\/image\/"}}]}},"_links":{"self":[{"href":"http:\/\/www.andnovameble.pl\/index.php\/wp-json\/wp\/v2\/product\/7871","targetHints":{"allow":["GET"]}}],"collection":[{"href":"http:\/\/www.andnovameble.pl\/index.php\/wp-json\/wp\/v2\/product"}],"about":[{"href":"http:\/\/www.andnovameble.pl\/index.php\/wp-json\/wp\/v2\/types\/product"}],"replies":[{"embeddable":true,"href":"http:\/\/www.andnovameble.pl\/index.php\/wp-json\/wp\/v2\/comments?post=7871"}],"wp:featuredmedia":[{"embeddable":true,"href":"http:\/\/www.andnovameble.pl\/index.php\/wp-json\/wp\/v2\/media\/7686"}],"wp:attachment":[{"href":"http:\/\/www.andnovameble.pl\/index.php\/wp-json\/wp\/v2\/media?parent=7871"}],"wp:term":[{"taxonomy":"product_brand","embeddable":true,"href":"http:\/\/www.andnovameble.pl\/index.php\/wp-json\/wp\/v2\/product_brand?post=7871"},{"taxonomy":"product_cat","embeddable":true,"href":"http:\/\/www.andnovameble.pl\/index.php\/wp-json\/wp\/v2\/product_cat?post=7871"},{"taxonomy":"product_tag","embeddable":true,"href":"http:\/\/www.andnovameble.pl\/index.php\/wp-json\/wp\/v2\/product_tag?post=7871"}],"curies":[{"name":"wp","href":"https:\/\/api.w.org\/{rel}","templated":true}]}}