{"id":7927,"date":"2022-09-22T14:38:51","date_gmt":"2022-09-22T12:38:51","guid":{"rendered":"http:\/\/www.andnovameble.pl\/?post_type=product&#038;p=7927"},"modified":"2022-09-22T14:38:52","modified_gmt":"2022-09-22T12:38:52","slug":"sofa-mana","status":"publish","type":"product","link":"http:\/\/www.andnovameble.pl\/index.php\/produkt\/sofa-mana\/","title":{"rendered":"Sofa Mana"},"content":{"rendered":"<p><img loading=\"lazy\" decoding=\"async\" class=\"alignnone size-medium wp-image-7921\" src=\"http:\/\/www.andnovameble.pl\/wp-content\/uploads\/2022\/09\/IMG_1505_ciemne-300x200.jpg\" alt=\"\" width=\"300\" height=\"200\" srcset=\"http:\/\/www.andnovameble.pl\/wp-content\/uploads\/2022\/09\/IMG_1505_ciemne-300x200.jpg 300w, http:\/\/www.andnovameble.pl\/wp-content\/uploads\/2022\/09\/IMG_1505_ciemne-1024x683.jpg 1024w, http:\/\/www.andnovameble.pl\/wp-content\/uploads\/2022\/09\/IMG_1505_ciemne-768x512.jpg 768w, http:\/\/www.andnovameble.pl\/wp-content\/uploads\/2022\/09\/IMG_1505_ciemne-1536x1024.jpg 1536w, http:\/\/www.andnovameble.pl\/wp-content\/uploads\/2022\/09\/IMG_1505_ciemne-2048x1365.jpg 2048w, http:\/\/www.andnovameble.pl\/wp-content\/uploads\/2022\/09\/IMG_1505_ciemne-600x400.jpg 600w, http:\/\/www.andnovameble.pl\/wp-content\/uploads\/2022\/09\/IMG_1505_ciemne-240x160.jpg 240w, http:\/\/www.andnovameble.pl\/wp-content\/uploads\/2022\/09\/IMG_1505_ciemne-350x233.jpg 350w\" sizes=\"auto, (max-width: 300px) 100vw, 300px\" \/> <img loading=\"lazy\" decoding=\"async\" class=\"alignnone size-medium wp-image-7922\" src=\"http:\/\/www.andnovameble.pl\/wp-content\/uploads\/2022\/09\/IMG_1517_ciemne-300x200.jpg\" alt=\"\" width=\"300\" height=\"200\" srcset=\"http:\/\/www.andnovameble.pl\/wp-content\/uploads\/2022\/09\/IMG_1517_ciemne-300x200.jpg 300w, http:\/\/www.andnovameble.pl\/wp-content\/uploads\/2022\/09\/IMG_1517_ciemne-1024x683.jpg 1024w, http:\/\/www.andnovameble.pl\/wp-content\/uploads\/2022\/09\/IMG_1517_ciemne-768x512.jpg 768w, http:\/\/www.andnovameble.pl\/wp-content\/uploads\/2022\/09\/IMG_1517_ciemne-1536x1024.jpg 1536w, http:\/\/www.andnovameble.pl\/wp-content\/uploads\/2022\/09\/IMG_1517_ciemne-2048x1365.jpg 2048w, http:\/\/www.andnovameble.pl\/wp-content\/uploads\/2022\/09\/IMG_1517_ciemne-600x400.jpg 600w, http:\/\/www.andnovameble.pl\/wp-content\/uploads\/2022\/09\/IMG_1517_ciemne-240x160.jpg 240w, http:\/\/www.andnovameble.pl\/wp-content\/uploads\/2022\/09\/IMG_1517_ciemne-350x233.jpg 350w\" sizes=\"auto, (max-width: 300px) 100vw, 300px\" \/><\/p>\n","protected":false},"excerpt":{"rendered":"<p>Sofa Mana mo\u017ce by\u0107 jako 4 lub 3 lub 2 z funkcj\u0105 spania lub bez . W komplecie jest te\u017c fotel.<\/p>\n<p>Pi\u0119kny zestaw o prostej stylistyce ale wysublimowanym gu\u015bcie. Je\u015bli jeste\u015b mi\u0142o\u015bnikiem ponadczasowego designu to ta sofa jest dla ciebie.<\/p>\n<p>R\u00f3\u017cne struktury tkanin i kolory, tak tkanin jak i\u00a0 drewna.<\/p>\n<p>Bardzo wygodna sofa , wype\u0142nienie silikonowe, drewno bukowe.<\/p>\n","protected":false},"featured_media":7921,"comment_status":"closed","ping_status":"closed","template":"","meta":[],"product_brand":[],"product_cat":[42,37,29,36,32],"product_tag":[49,25,48,43,40],"class_list":{"0":"post-7927","1":"product","2":"type-product","3":"status-publish","4":"has-post-thumbnail","6":"product_cat-funkcja-spania-2","7":"product_cat-komplet","8":"product_cat-meble-tapicerowane","9":"product_cat-orfeusz-meble","10":"product_cat-sofa","11":"product_tag-fotel-2","12":"product_tag-funkcja-spania","13":"product_tag-komplet-2","14":"product_tag-mebel-tapicerowany","15":"product_tag-orfeusz","17":"first","18":"instock","19":"taxable","20":"shipping-taxable","21":"product-type-simple"},"yoast_head":"<!-- This site is optimized with the Yoast SEO plugin v27.4 - https:\/\/yoast.com\/product\/yoast-seo-wordpress\/ -->\n<title>Sofa Mana - Materace, Meble Leszno<\/title>\n<meta name=\"description\" content=\"Sofa mo\u017ce by\u0107 4,3,2 i fotel .Dowolna konfiguracja, mo\u017ce by\u0107 komplet 3+2+1 lub 4+1+1\" \/>\n<meta name=\"robots\" content=\"index, follow, max-snippet:-1, max-image-preview:large, max-video-preview:-1\" \/>\n<link rel=\"canonical\" href=\"http:\/\/www.andnovameble.pl\/index.php\/produkt\/sofa-mana\/\" \/>\n<meta property=\"og:locale\" content=\"pl_PL\" \/>\n<meta property=\"og:type\" content=\"article\" \/>\n<meta property=\"og:title\" content=\"Sofa Mana - Materace, Meble Leszno\" \/>\n<meta property=\"og:description\" content=\"Sofa mo\u017ce by\u0107 4,3,2 i fotel .Dowolna konfiguracja, mo\u017ce by\u0107 komplet 3+2+1 lub 4+1+1\" \/>\n<meta property=\"og:url\" content=\"http:\/\/www.andnovameble.pl\/index.php\/produkt\/sofa-mana\/\" \/>\n<meta property=\"og:site_name\" content=\"Materace, Meble Leszno\" \/>\n<meta property=\"article:modified_time\" content=\"2022-09-22T12:38:52+00:00\" \/>\n<meta property=\"og:image\" content=\"http:\/\/www.andnovameble.pl\/wp-content\/uploads\/2022\/09\/IMG_1505_ciemne-scaled.jpg\" \/>\n\t<meta property=\"og:image:width\" content=\"2560\" \/>\n\t<meta property=\"og:image:height\" content=\"1707\" \/>\n\t<meta property=\"og:image:type\" content=\"image\/jpeg\" \/>\n<meta name=\"twitter:card\" content=\"summary_large_image\" \/>\n<script type=\"application\/ld+json\" class=\"yoast-schema-graph\">{\"@context\":\"https:\\\/\\\/schema.org\",\"@graph\":[{\"@type\":\"WebPage\",\"@id\":\"http:\\\/\\\/www.andnovameble.pl\\\/index.php\\\/produkt\\\/sofa-mana\\\/\",\"url\":\"http:\\\/\\\/www.andnovameble.pl\\\/index.php\\\/produkt\\\/sofa-mana\\\/\",\"name\":\"Sofa Mana - Materace, Meble Leszno\",\"isPartOf\":{\"@id\":\"http:\\\/\\\/www.andnovameble.pl\\\/#website\"},\"primaryImageOfPage\":{\"@id\":\"http:\\\/\\\/www.andnovameble.pl\\\/index.php\\\/produkt\\\/sofa-mana\\\/#primaryimage\"},\"image\":{\"@id\":\"http:\\\/\\\/www.andnovameble.pl\\\/index.php\\\/produkt\\\/sofa-mana\\\/#primaryimage\"},\"thumbnailUrl\":\"http:\\\/\\\/www.andnovameble.pl\\\/wp-content\\\/uploads\\\/2022\\\/09\\\/IMG_1505_ciemne-scaled.jpg\",\"datePublished\":\"2022-09-22T12:38:51+00:00\",\"dateModified\":\"2022-09-22T12:38:52+00:00\",\"description\":\"Sofa mo\u017ce by\u0107 4,3,2 i fotel .Dowolna konfiguracja, mo\u017ce by\u0107 komplet 3+2+1 lub 4+1+1\",\"breadcrumb\":{\"@id\":\"http:\\\/\\\/www.andnovameble.pl\\\/index.php\\\/produkt\\\/sofa-mana\\\/#breadcrumb\"},\"inLanguage\":\"pl-PL\",\"potentialAction\":[{\"@type\":\"ReadAction\",\"target\":[\"http:\\\/\\\/www.andnovameble.pl\\\/index.php\\\/produkt\\\/sofa-mana\\\/\"]}]},{\"@type\":\"ImageObject\",\"inLanguage\":\"pl-PL\",\"@id\":\"http:\\\/\\\/www.andnovameble.pl\\\/index.php\\\/produkt\\\/sofa-mana\\\/#primaryimage\",\"url\":\"http:\\\/\\\/www.andnovameble.pl\\\/wp-content\\\/uploads\\\/2022\\\/09\\\/IMG_1505_ciemne-scaled.jpg\",\"contentUrl\":\"http:\\\/\\\/www.andnovameble.pl\\\/wp-content\\\/uploads\\\/2022\\\/09\\\/IMG_1505_ciemne-scaled.jpg\",\"width\":2560,\"height\":1707},{\"@type\":\"BreadcrumbList\",\"@id\":\"http:\\\/\\\/www.andnovameble.pl\\\/index.php\\\/produkt\\\/sofa-mana\\\/#breadcrumb\",\"itemListElement\":[{\"@type\":\"ListItem\",\"position\":1,\"name\":\"Strona g\u0142\u00f3wna\",\"item\":\"http:\\\/\\\/www.andnovameble.pl\\\/\"},{\"@type\":\"ListItem\",\"position\":2,\"name\":\"Sklep\",\"item\":\"http:\\\/\\\/www.andnovameble.pl\\\/index.php\\\/sklep\\\/\"},{\"@type\":\"ListItem\",\"position\":3,\"name\":\"Sofa Mana\"}]},{\"@type\":\"WebSite\",\"@id\":\"http:\\\/\\\/www.andnovameble.pl\\\/#website\",\"url\":\"http:\\\/\\\/www.andnovameble.pl\\\/\",\"name\":\"Materace, Meble Leszno\",\"description\":\"Tw\u00f3j ulubiony sklep\",\"publisher\":{\"@id\":\"http:\\\/\\\/www.andnovameble.pl\\\/#organization\"},\"potentialAction\":[{\"@type\":\"SearchAction\",\"target\":{\"@type\":\"EntryPoint\",\"urlTemplate\":\"http:\\\/\\\/www.andnovameble.pl\\\/?s={search_term_string}\"},\"query-input\":{\"@type\":\"PropertyValueSpecification\",\"valueRequired\":true,\"valueName\":\"search_term_string\"}}],\"inLanguage\":\"pl-PL\"},{\"@type\":\"Organization\",\"@id\":\"http:\\\/\\\/www.andnovameble.pl\\\/#organization\",\"name\":\"Materace, Meble Leszno\",\"url\":\"http:\\\/\\\/www.andnovameble.pl\\\/\",\"logo\":{\"@type\":\"ImageObject\",\"inLanguage\":\"pl-PL\",\"@id\":\"http:\\\/\\\/www.andnovameble.pl\\\/#\\\/schema\\\/logo\\\/image\\\/\",\"url\":\"http:\\\/\\\/www.andnovameble.pl\\\/wp-content\\\/uploads\\\/2018\\\/08\\\/cropped-logo-1-1.jpg\",\"contentUrl\":\"http:\\\/\\\/www.andnovameble.pl\\\/wp-content\\\/uploads\\\/2018\\\/08\\\/cropped-logo-1-1.jpg\",\"width\":250,\"height\":250,\"caption\":\"Materace, Meble Leszno\"},\"image\":{\"@id\":\"http:\\\/\\\/www.andnovameble.pl\\\/#\\\/schema\\\/logo\\\/image\\\/\"}}]}<\/script>\n<!-- \/ Yoast SEO plugin. -->","yoast_head_json":{"title":"Sofa Mana - Materace, Meble Leszno","description":"Sofa mo\u017ce by\u0107 4,3,2 i fotel .Dowolna konfiguracja, mo\u017ce by\u0107 komplet 3+2+1 lub 4+1+1","robots":{"index":"index","follow":"follow","max-snippet":"max-snippet:-1","max-image-preview":"max-image-preview:large","max-video-preview":"max-video-preview:-1"},"canonical":"http:\/\/www.andnovameble.pl\/index.php\/produkt\/sofa-mana\/","og_locale":"pl_PL","og_type":"article","og_title":"Sofa Mana - Materace, Meble Leszno","og_description":"Sofa mo\u017ce by\u0107 4,3,2 i fotel .Dowolna konfiguracja, mo\u017ce by\u0107 komplet 3+2+1 lub 4+1+1","og_url":"http:\/\/www.andnovameble.pl\/index.php\/produkt\/sofa-mana\/","og_site_name":"Materace, Meble Leszno","article_modified_time":"2022-09-22T12:38:52+00:00","og_image":[{"width":2560,"height":1707,"url":"http:\/\/www.andnovameble.pl\/wp-content\/uploads\/2022\/09\/IMG_1505_ciemne-scaled.jpg","type":"image\/jpeg"}],"twitter_card":"summary_large_image","schema":{"@context":"https:\/\/schema.org","@graph":[{"@type":"WebPage","@id":"http:\/\/www.andnovameble.pl\/index.php\/produkt\/sofa-mana\/","url":"http:\/\/www.andnovameble.pl\/index.php\/produkt\/sofa-mana\/","name":"Sofa Mana - Materace, Meble Leszno","isPartOf":{"@id":"http:\/\/www.andnovameble.pl\/#website"},"primaryImageOfPage":{"@id":"http:\/\/www.andnovameble.pl\/index.php\/produkt\/sofa-mana\/#primaryimage"},"image":{"@id":"http:\/\/www.andnovameble.pl\/index.php\/produkt\/sofa-mana\/#primaryimage"},"thumbnailUrl":"http:\/\/www.andnovameble.pl\/wp-content\/uploads\/2022\/09\/IMG_1505_ciemne-scaled.jpg","datePublished":"2022-09-22T12:38:51+00:00","dateModified":"2022-09-22T12:38:52+00:00","description":"Sofa mo\u017ce by\u0107 4,3,2 i fotel .Dowolna konfiguracja, mo\u017ce by\u0107 komplet 3+2+1 lub 4+1+1","breadcrumb":{"@id":"http:\/\/www.andnovameble.pl\/index.php\/produkt\/sofa-mana\/#breadcrumb"},"inLanguage":"pl-PL","potentialAction":[{"@type":"ReadAction","target":["http:\/\/www.andnovameble.pl\/index.php\/produkt\/sofa-mana\/"]}]},{"@type":"ImageObject","inLanguage":"pl-PL","@id":"http:\/\/www.andnovameble.pl\/index.php\/produkt\/sofa-mana\/#primaryimage","url":"http:\/\/www.andnovameble.pl\/wp-content\/uploads\/2022\/09\/IMG_1505_ciemne-scaled.jpg","contentUrl":"http:\/\/www.andnovameble.pl\/wp-content\/uploads\/2022\/09\/IMG_1505_ciemne-scaled.jpg","width":2560,"height":1707},{"@type":"BreadcrumbList","@id":"http:\/\/www.andnovameble.pl\/index.php\/produkt\/sofa-mana\/#breadcrumb","itemListElement":[{"@type":"ListItem","position":1,"name":"Strona g\u0142\u00f3wna","item":"http:\/\/www.andnovameble.pl\/"},{"@type":"ListItem","position":2,"name":"Sklep","item":"http:\/\/www.andnovameble.pl\/index.php\/sklep\/"},{"@type":"ListItem","position":3,"name":"Sofa Mana"}]},{"@type":"WebSite","@id":"http:\/\/www.andnovameble.pl\/#website","url":"http:\/\/www.andnovameble.pl\/","name":"Materace, Meble Leszno","description":"Tw\u00f3j ulubiony sklep","publisher":{"@id":"http:\/\/www.andnovameble.pl\/#organization"},"potentialAction":[{"@type":"SearchAction","target":{"@type":"EntryPoint","urlTemplate":"http:\/\/www.andnovameble.pl\/?s={search_term_string}"},"query-input":{"@type":"PropertyValueSpecification","valueRequired":true,"valueName":"search_term_string"}}],"inLanguage":"pl-PL"},{"@type":"Organization","@id":"http:\/\/www.andnovameble.pl\/#organization","name":"Materace, Meble Leszno","url":"http:\/\/www.andnovameble.pl\/","logo":{"@type":"ImageObject","inLanguage":"pl-PL","@id":"http:\/\/www.andnovameble.pl\/#\/schema\/logo\/image\/","url":"http:\/\/www.andnovameble.pl\/wp-content\/uploads\/2018\/08\/cropped-logo-1-1.jpg","contentUrl":"http:\/\/www.andnovameble.pl\/wp-content\/uploads\/2018\/08\/cropped-logo-1-1.jpg","width":250,"height":250,"caption":"Materace, Meble Leszno"},"image":{"@id":"http:\/\/www.andnovameble.pl\/#\/schema\/logo\/image\/"}}]}},"_links":{"self":[{"href":"http:\/\/www.andnovameble.pl\/index.php\/wp-json\/wp\/v2\/product\/7927","targetHints":{"allow":["GET"]}}],"collection":[{"href":"http:\/\/www.andnovameble.pl\/index.php\/wp-json\/wp\/v2\/product"}],"about":[{"href":"http:\/\/www.andnovameble.pl\/index.php\/wp-json\/wp\/v2\/types\/product"}],"replies":[{"embeddable":true,"href":"http:\/\/www.andnovameble.pl\/index.php\/wp-json\/wp\/v2\/comments?post=7927"}],"wp:featuredmedia":[{"embeddable":true,"href":"http:\/\/www.andnovameble.pl\/index.php\/wp-json\/wp\/v2\/media\/7921"}],"wp:attachment":[{"href":"http:\/\/www.andnovameble.pl\/index.php\/wp-json\/wp\/v2\/media?parent=7927"}],"wp:term":[{"taxonomy":"product_brand","embeddable":true,"href":"http:\/\/www.andnovameble.pl\/index.php\/wp-json\/wp\/v2\/product_brand?post=7927"},{"taxonomy":"product_cat","embeddable":true,"href":"http:\/\/www.andnovameble.pl\/index.php\/wp-json\/wp\/v2\/product_cat?post=7927"},{"taxonomy":"product_tag","embeddable":true,"href":"http:\/\/www.andnovameble.pl\/index.php\/wp-json\/wp\/v2\/product_tag?post=7927"}],"curies":[{"name":"wp","href":"https:\/\/api.w.org\/{rel}","templated":true}]}}