{"id":7931,"date":"2022-09-22T17:15:45","date_gmt":"2022-09-22T15:15:45","guid":{"rendered":"http:\/\/www.andnovameble.pl\/?post_type=product&#038;p=7931"},"modified":"2022-09-22T17:18:17","modified_gmt":"2022-09-22T15:18:17","slug":"lozko-81240","status":"publish","type":"product","link":"http:\/\/www.andnovameble.pl\/index.php\/produkt\/lozko-81240\/","title":{"rendered":"\u0141\u00f3\u017cko 81240"},"content":{"rendered":"<p><img loading=\"lazy\" decoding=\"async\" class=\"alignnone size-medium wp-image-7906\" src=\"http:\/\/www.andnovameble.pl\/wp-content\/uploads\/2022\/08\/81240_20182_1-300x200.jpg\" alt=\"\" width=\"300\" height=\"200\" srcset=\"http:\/\/www.andnovameble.pl\/wp-content\/uploads\/2022\/08\/81240_20182_1-300x200.jpg 300w, http:\/\/www.andnovameble.pl\/wp-content\/uploads\/2022\/08\/81240_20182_1-1024x683.jpg 1024w, http:\/\/www.andnovameble.pl\/wp-content\/uploads\/2022\/08\/81240_20182_1-768x512.jpg 768w, http:\/\/www.andnovameble.pl\/wp-content\/uploads\/2022\/08\/81240_20182_1-1536x1024.jpg 1536w, http:\/\/www.andnovameble.pl\/wp-content\/uploads\/2022\/08\/81240_20182_1-2048x1365.jpg 2048w, http:\/\/www.andnovameble.pl\/wp-content\/uploads\/2022\/08\/81240_20182_1-600x400.jpg 600w, http:\/\/www.andnovameble.pl\/wp-content\/uploads\/2022\/08\/81240_20182_1-240x160.jpg 240w, http:\/\/www.andnovameble.pl\/wp-content\/uploads\/2022\/08\/81240_20182_1-350x233.jpg 350w\" sizes=\"auto, (max-width: 300px) 100vw, 300px\" \/><\/p>\n<p>\u0141\u00f3\u017cko tapicerowane o prostym kszta\u0142cie z wyrazistym zag\u0142\u00f3wkiem przeszytym pionowymi liniami.<\/p>\n<p>Pasuje do nowoczesnej i klasycznej przestrzeni sypialnianej. Cztery rodzaje n\u00f3g do wyboru w kolorze czarnym i z\u0142otym .<\/p>\n<p>Jeden z najcz\u0119\u015bciej sprzedaj\u0105cych si\u0119 modeli \u0142\u00f3\u017cek. Wyst\u0119puje te\u017c jako osobny zag\u0142\u00f3wek ze skrzynia zabudowan\u0105 do ziemi i pojemnikiem na po\u015bciel lub bez .<\/p>\n<p>Du\u017cy wyb\u00f3r tkanin.<\/p>\n<p>Wymiary : 80\/200 , 90\/200 , 100\/200 , 120\/200 , 140\/200 , 160\/200 , 180\/200<\/p>\n","protected":false},"excerpt":{"rendered":"<p><img loading=\"lazy\" decoding=\"async\" class=\"alignnone size-medium wp-image-7932\" src=\"http:\/\/www.andnovameble.pl\/wp-content\/uploads\/2022\/09\/Zaglowek-240-MultiSystem-BOX-MK-Foam-Kolo-300x200.webp\" alt=\"\" width=\"300\" height=\"200\" srcset=\"http:\/\/www.andnovameble.pl\/wp-content\/uploads\/2022\/09\/Zaglowek-240-MultiSystem-BOX-MK-Foam-Kolo-300x200.webp 300w, http:\/\/www.andnovameble.pl\/wp-content\/uploads\/2022\/09\/Zaglowek-240-MultiSystem-BOX-MK-Foam-Kolo-1024x683.webp 1024w, http:\/\/www.andnovameble.pl\/wp-content\/uploads\/2022\/09\/Zaglowek-240-MultiSystem-BOX-MK-Foam-Kolo-768x512.webp 768w, http:\/\/www.andnovameble.pl\/wp-content\/uploads\/2022\/09\/Zaglowek-240-MultiSystem-BOX-MK-Foam-Kolo-600x400.webp 600w, http:\/\/www.andnovameble.pl\/wp-content\/uploads\/2022\/09\/Zaglowek-240-MultiSystem-BOX-MK-Foam-Kolo-240x160.webp 240w, http:\/\/www.andnovameble.pl\/wp-content\/uploads\/2022\/09\/Zaglowek-240-MultiSystem-BOX-MK-Foam-Kolo-350x233.webp 350w, http:\/\/www.andnovameble.pl\/wp-content\/uploads\/2022\/09\/Zaglowek-240-MultiSystem-BOX-MK-Foam-Kolo.webp 1366w\" sizes=\"auto, (max-width: 300px) 100vw, 300px\" \/><\/p>\n","protected":false},"featured_media":7906,"comment_status":"closed","ping_status":"closed","template":"","meta":[],"product_brand":[],"product_cat":[52,95,29,78],"product_tag":[58,67,96,63,43,97,66],"class_list":{"0":"post-7931","1":"product","2":"type-product","3":"status-publish","4":"has-post-thumbnail","6":"product_cat-lozko","7":"product_cat-lozko-mkfoam-kolo","8":"product_cat-meble-tapicerowane","9":"product_cat-na-wymiar","10":"product_tag-lozko-2","11":"product_tag-lozko-sypialniane","12":"product_tag-lozko-tapicerowane","13":"product_tag-lozko-ze-stelazem","14":"product_tag-mebel-tapicerowany","15":"product_tag-mkfoam","16":"product_tag-sypialnia","18":"first","19":"instock","20":"taxable","21":"shipping-taxable","22":"product-type-simple"},"yoast_head":"<!-- This site is optimized with the Yoast SEO plugin v27.4 - https:\/\/yoast.com\/product\/yoast-seo-wordpress\/ -->\n<title>\u0141\u00f3\u017cko 81240 - Materace, Meble Leszno<\/title>\n<meta name=\"robots\" content=\"index, follow, max-snippet:-1, max-image-preview:large, max-video-preview:-1\" \/>\n<link rel=\"canonical\" href=\"http:\/\/www.andnovameble.pl\/index.php\/produkt\/lozko-81240\/\" \/>\n<meta property=\"og:locale\" content=\"pl_PL\" \/>\n<meta property=\"og:type\" content=\"article\" \/>\n<meta property=\"og:title\" content=\"\u0141\u00f3\u017cko 81240 - Materace, Meble Leszno\" \/>\n<meta property=\"og:url\" content=\"http:\/\/www.andnovameble.pl\/index.php\/produkt\/lozko-81240\/\" \/>\n<meta property=\"og:site_name\" content=\"Materace, Meble Leszno\" \/>\n<meta property=\"article:modified_time\" content=\"2022-09-22T15:18:17+00:00\" \/>\n<meta property=\"og:image\" content=\"http:\/\/www.andnovameble.pl\/wp-content\/uploads\/2022\/08\/81240_20182_1-scaled.jpg\" \/>\n\t<meta property=\"og:image:width\" content=\"2560\" \/>\n\t<meta property=\"og:image:height\" content=\"1707\" \/>\n\t<meta property=\"og:image:type\" content=\"image\/jpeg\" \/>\n<meta name=\"twitter:card\" content=\"summary_large_image\" \/>\n<script type=\"application\/ld+json\" class=\"yoast-schema-graph\">{\"@context\":\"https:\\\/\\\/schema.org\",\"@graph\":[{\"@type\":\"WebPage\",\"@id\":\"http:\\\/\\\/www.andnovameble.pl\\\/index.php\\\/produkt\\\/lozko-81240\\\/\",\"url\":\"http:\\\/\\\/www.andnovameble.pl\\\/index.php\\\/produkt\\\/lozko-81240\\\/\",\"name\":\"\u0141\u00f3\u017cko 81240 - Materace, Meble Leszno\",\"isPartOf\":{\"@id\":\"http:\\\/\\\/www.andnovameble.pl\\\/#website\"},\"primaryImageOfPage\":{\"@id\":\"http:\\\/\\\/www.andnovameble.pl\\\/index.php\\\/produkt\\\/lozko-81240\\\/#primaryimage\"},\"image\":{\"@id\":\"http:\\\/\\\/www.andnovameble.pl\\\/index.php\\\/produkt\\\/lozko-81240\\\/#primaryimage\"},\"thumbnailUrl\":\"http:\\\/\\\/www.andnovameble.pl\\\/wp-content\\\/uploads\\\/2022\\\/08\\\/81240_20182_1-scaled.jpg\",\"datePublished\":\"2022-09-22T15:15:45+00:00\",\"dateModified\":\"2022-09-22T15:18:17+00:00\",\"breadcrumb\":{\"@id\":\"http:\\\/\\\/www.andnovameble.pl\\\/index.php\\\/produkt\\\/lozko-81240\\\/#breadcrumb\"},\"inLanguage\":\"pl-PL\",\"potentialAction\":[{\"@type\":\"ReadAction\",\"target\":[\"http:\\\/\\\/www.andnovameble.pl\\\/index.php\\\/produkt\\\/lozko-81240\\\/\"]}]},{\"@type\":\"ImageObject\",\"inLanguage\":\"pl-PL\",\"@id\":\"http:\\\/\\\/www.andnovameble.pl\\\/index.php\\\/produkt\\\/lozko-81240\\\/#primaryimage\",\"url\":\"http:\\\/\\\/www.andnovameble.pl\\\/wp-content\\\/uploads\\\/2022\\\/08\\\/81240_20182_1-scaled.jpg\",\"contentUrl\":\"http:\\\/\\\/www.andnovameble.pl\\\/wp-content\\\/uploads\\\/2022\\\/08\\\/81240_20182_1-scaled.jpg\",\"width\":2560,\"height\":1707},{\"@type\":\"BreadcrumbList\",\"@id\":\"http:\\\/\\\/www.andnovameble.pl\\\/index.php\\\/produkt\\\/lozko-81240\\\/#breadcrumb\",\"itemListElement\":[{\"@type\":\"ListItem\",\"position\":1,\"name\":\"Strona g\u0142\u00f3wna\",\"item\":\"http:\\\/\\\/www.andnovameble.pl\\\/\"},{\"@type\":\"ListItem\",\"position\":2,\"name\":\"Sklep\",\"item\":\"http:\\\/\\\/www.andnovameble.pl\\\/index.php\\\/sklep\\\/\"},{\"@type\":\"ListItem\",\"position\":3,\"name\":\"\u0141\u00f3\u017cko 81240\"}]},{\"@type\":\"WebSite\",\"@id\":\"http:\\\/\\\/www.andnovameble.pl\\\/#website\",\"url\":\"http:\\\/\\\/www.andnovameble.pl\\\/\",\"name\":\"Materace, Meble Leszno\",\"description\":\"Tw\u00f3j ulubiony sklep\",\"publisher\":{\"@id\":\"http:\\\/\\\/www.andnovameble.pl\\\/#organization\"},\"potentialAction\":[{\"@type\":\"SearchAction\",\"target\":{\"@type\":\"EntryPoint\",\"urlTemplate\":\"http:\\\/\\\/www.andnovameble.pl\\\/?s={search_term_string}\"},\"query-input\":{\"@type\":\"PropertyValueSpecification\",\"valueRequired\":true,\"valueName\":\"search_term_string\"}}],\"inLanguage\":\"pl-PL\"},{\"@type\":\"Organization\",\"@id\":\"http:\\\/\\\/www.andnovameble.pl\\\/#organization\",\"name\":\"Materace, Meble Leszno\",\"url\":\"http:\\\/\\\/www.andnovameble.pl\\\/\",\"logo\":{\"@type\":\"ImageObject\",\"inLanguage\":\"pl-PL\",\"@id\":\"http:\\\/\\\/www.andnovameble.pl\\\/#\\\/schema\\\/logo\\\/image\\\/\",\"url\":\"http:\\\/\\\/www.andnovameble.pl\\\/wp-content\\\/uploads\\\/2018\\\/08\\\/cropped-logo-1-1.jpg\",\"contentUrl\":\"http:\\\/\\\/www.andnovameble.pl\\\/wp-content\\\/uploads\\\/2018\\\/08\\\/cropped-logo-1-1.jpg\",\"width\":250,\"height\":250,\"caption\":\"Materace, Meble Leszno\"},\"image\":{\"@id\":\"http:\\\/\\\/www.andnovameble.pl\\\/#\\\/schema\\\/logo\\\/image\\\/\"}}]}<\/script>\n<!-- \/ Yoast SEO plugin. -->","yoast_head_json":{"title":"\u0141\u00f3\u017cko 81240 - Materace, Meble Leszno","robots":{"index":"index","follow":"follow","max-snippet":"max-snippet:-1","max-image-preview":"max-image-preview:large","max-video-preview":"max-video-preview:-1"},"canonical":"http:\/\/www.andnovameble.pl\/index.php\/produkt\/lozko-81240\/","og_locale":"pl_PL","og_type":"article","og_title":"\u0141\u00f3\u017cko 81240 - Materace, Meble Leszno","og_url":"http:\/\/www.andnovameble.pl\/index.php\/produkt\/lozko-81240\/","og_site_name":"Materace, Meble Leszno","article_modified_time":"2022-09-22T15:18:17+00:00","og_image":[{"width":2560,"height":1707,"url":"http:\/\/www.andnovameble.pl\/wp-content\/uploads\/2022\/08\/81240_20182_1-scaled.jpg","type":"image\/jpeg"}],"twitter_card":"summary_large_image","schema":{"@context":"https:\/\/schema.org","@graph":[{"@type":"WebPage","@id":"http:\/\/www.andnovameble.pl\/index.php\/produkt\/lozko-81240\/","url":"http:\/\/www.andnovameble.pl\/index.php\/produkt\/lozko-81240\/","name":"\u0141\u00f3\u017cko 81240 - Materace, Meble Leszno","isPartOf":{"@id":"http:\/\/www.andnovameble.pl\/#website"},"primaryImageOfPage":{"@id":"http:\/\/www.andnovameble.pl\/index.php\/produkt\/lozko-81240\/#primaryimage"},"image":{"@id":"http:\/\/www.andnovameble.pl\/index.php\/produkt\/lozko-81240\/#primaryimage"},"thumbnailUrl":"http:\/\/www.andnovameble.pl\/wp-content\/uploads\/2022\/08\/81240_20182_1-scaled.jpg","datePublished":"2022-09-22T15:15:45+00:00","dateModified":"2022-09-22T15:18:17+00:00","breadcrumb":{"@id":"http:\/\/www.andnovameble.pl\/index.php\/produkt\/lozko-81240\/#breadcrumb"},"inLanguage":"pl-PL","potentialAction":[{"@type":"ReadAction","target":["http:\/\/www.andnovameble.pl\/index.php\/produkt\/lozko-81240\/"]}]},{"@type":"ImageObject","inLanguage":"pl-PL","@id":"http:\/\/www.andnovameble.pl\/index.php\/produkt\/lozko-81240\/#primaryimage","url":"http:\/\/www.andnovameble.pl\/wp-content\/uploads\/2022\/08\/81240_20182_1-scaled.jpg","contentUrl":"http:\/\/www.andnovameble.pl\/wp-content\/uploads\/2022\/08\/81240_20182_1-scaled.jpg","width":2560,"height":1707},{"@type":"BreadcrumbList","@id":"http:\/\/www.andnovameble.pl\/index.php\/produkt\/lozko-81240\/#breadcrumb","itemListElement":[{"@type":"ListItem","position":1,"name":"Strona g\u0142\u00f3wna","item":"http:\/\/www.andnovameble.pl\/"},{"@type":"ListItem","position":2,"name":"Sklep","item":"http:\/\/www.andnovameble.pl\/index.php\/sklep\/"},{"@type":"ListItem","position":3,"name":"\u0141\u00f3\u017cko 81240"}]},{"@type":"WebSite","@id":"http:\/\/www.andnovameble.pl\/#website","url":"http:\/\/www.andnovameble.pl\/","name":"Materace, Meble Leszno","description":"Tw\u00f3j ulubiony sklep","publisher":{"@id":"http:\/\/www.andnovameble.pl\/#organization"},"potentialAction":[{"@type":"SearchAction","target":{"@type":"EntryPoint","urlTemplate":"http:\/\/www.andnovameble.pl\/?s={search_term_string}"},"query-input":{"@type":"PropertyValueSpecification","valueRequired":true,"valueName":"search_term_string"}}],"inLanguage":"pl-PL"},{"@type":"Organization","@id":"http:\/\/www.andnovameble.pl\/#organization","name":"Materace, Meble Leszno","url":"http:\/\/www.andnovameble.pl\/","logo":{"@type":"ImageObject","inLanguage":"pl-PL","@id":"http:\/\/www.andnovameble.pl\/#\/schema\/logo\/image\/","url":"http:\/\/www.andnovameble.pl\/wp-content\/uploads\/2018\/08\/cropped-logo-1-1.jpg","contentUrl":"http:\/\/www.andnovameble.pl\/wp-content\/uploads\/2018\/08\/cropped-logo-1-1.jpg","width":250,"height":250,"caption":"Materace, Meble Leszno"},"image":{"@id":"http:\/\/www.andnovameble.pl\/#\/schema\/logo\/image\/"}}]}},"_links":{"self":[{"href":"http:\/\/www.andnovameble.pl\/index.php\/wp-json\/wp\/v2\/product\/7931","targetHints":{"allow":["GET"]}}],"collection":[{"href":"http:\/\/www.andnovameble.pl\/index.php\/wp-json\/wp\/v2\/product"}],"about":[{"href":"http:\/\/www.andnovameble.pl\/index.php\/wp-json\/wp\/v2\/types\/product"}],"replies":[{"embeddable":true,"href":"http:\/\/www.andnovameble.pl\/index.php\/wp-json\/wp\/v2\/comments?post=7931"}],"wp:featuredmedia":[{"embeddable":true,"href":"http:\/\/www.andnovameble.pl\/index.php\/wp-json\/wp\/v2\/media\/7906"}],"wp:attachment":[{"href":"http:\/\/www.andnovameble.pl\/index.php\/wp-json\/wp\/v2\/media?parent=7931"}],"wp:term":[{"taxonomy":"product_brand","embeddable":true,"href":"http:\/\/www.andnovameble.pl\/index.php\/wp-json\/wp\/v2\/product_brand?post=7931"},{"taxonomy":"product_cat","embeddable":true,"href":"http:\/\/www.andnovameble.pl\/index.php\/wp-json\/wp\/v2\/product_cat?post=7931"},{"taxonomy":"product_tag","embeddable":true,"href":"http:\/\/www.andnovameble.pl\/index.php\/wp-json\/wp\/v2\/product_tag?post=7931"}],"curies":[{"name":"wp","href":"https:\/\/api.w.org\/{rel}","templated":true}]}}